{"id":11653,"date":"2025-08-07T10:38:14","date_gmt":"2025-08-07T10:38:14","guid":{"rendered":"https:\/\/avannubo.com\/avis-legal\/"},"modified":"2026-02-03T16:41:11","modified_gmt":"2026-02-03T16:41:11","slug":"avis-legal","status":"publish","type":"page","link":"https:\/\/avannubo.com\/ca\/avis-legal\/","title":{"rendered":"&#8211; Av\u00eds legal"},"content":{"rendered":"\t\t<div data-elementor-type=\"wp-page\" data-elementor-id=\"11653\" class=\"elementor elementor-11653 elementor-4309\" data-elementor-post-type=\"page\">\n\t\t\t\t<div class=\"elementor-element elementor-element-1ff01c6 e-con-full e-flex e-con e-parent\" data-id=\"1ff01c6\" data-element_type=\"container\" data-e-type=\"container\" data-settings=\"{&quot;background_background&quot;:&quot;video&quot;,&quot;background_video_link&quot;:&quot;https:\\\/\\\/videos.pexels.com\\\/video-files\\\/8865883\\\/8865883-hd_1920_1080_25fps.mp4&quot;,&quot;position&quot;:&quot;fixed&quot;}\">\n\t\t<div class=\"elementor-background-video-container elementor-hidden-mobile\">\n\t\t\t\t\t\t\t<video class=\"elementor-background-video-hosted\" role=\"presentation\" autoplay muted playsinline loop><\/video>\n\t\t\t\t\t<\/div>\t\t<\/div>\n\t\t<div class=\"elementor-element elementor-element-a8fe559 overhid  e-flex e-con-boxed e-con e-parent\" data-id=\"a8fe559\" data-element_type=\"container\" data-e-type=\"container\">\n\t\t\t\t\t<div class=\"e-con-inner\">\n\t\t<div class=\"elementor-element elementor-element-6ed247f e-con-full glass e-flex e-con e-child\" data-id=\"6ed247f\" data-element_type=\"container\" data-e-type=\"container\">\n\t\t\t\t<div class=\"elementor-element elementor-element-a8a04cc elementor-widget elementor-widget-heading\" data-id=\"a8a04cc\" data-element_type=\"widget\" data-e-type=\"widget\" data-widget_type=\"heading.default\">\n\t\t\t\t<div class=\"elementor-widget-container\">\n\t\t\t\t\t<h2 class=\"elementor-heading-title elementor-size-default\">Av\u00eds legal<\/h2>\t\t\t\t<\/div>\n\t\t\t\t<\/div>\n\t\t\t\t<div class=\"elementor-element elementor-element-2e2783d elementor-widget elementor-widget-heading\" data-id=\"2e2783d\" data-element_type=\"widget\" data-e-type=\"widget\" data-widget_type=\"heading.default\">\n\t\t\t\t<div class=\"elementor-widget-container\">\n\t\t\t\t\t<h2 class=\"elementor-heading-title elementor-size-default\">Introducci\u00f3<\/h2>\t\t\t\t<\/div>\n\t\t\t\t<\/div>\n\t\t\t\t<div class=\"elementor-element elementor-element-cd87349 enlaces elementor-widget elementor-widget-text-editor\" data-id=\"cd87349\" data-element_type=\"widget\" data-e-type=\"widget\" data-widget_type=\"text-editor.default\">\n\t\t\t\t<div class=\"elementor-widget-container\">\n\t\t\t\t\t\t\t\t\t<p>En compliment de la Llei 34\/2002, d&#8217;11 de juliol, de Serveis de la Societat de la Informaci\u00f3 i del Comer\u00e7 Electr\u00f2nic (LSSI-CE), s&#8217;informa el seg\u00fcent:<\/p>\t\t\t\t\t\t\t\t<\/div>\n\t\t\t\t<\/div>\n\t\t\t\t<div class=\"elementor-element elementor-element-d73c9a6 elementor-widget elementor-widget-heading\" data-id=\"d73c9a6\" data-element_type=\"widget\" data-e-type=\"widget\" data-widget_type=\"heading.default\">\n\t\t\t\t<div class=\"elementor-widget-container\">\n\t\t\t\t\t<h2 class=\"elementor-heading-title elementor-size-default\">Titular del lloc web<\/h2>\t\t\t\t<\/div>\n\t\t\t\t<\/div>\n\t\t\t\t<div class=\"elementor-element elementor-element-9111711 enlaces elementor-widget elementor-widget-text-editor\" data-id=\"9111711\" data-element_type=\"widget\" data-e-type=\"widget\" data-widget_type=\"text-editor.default\">\n\t\t\t\t<div class=\"elementor-widget-container\">\n\t\t\t\t\t\t\t\t\t<ul><li><strong>Denominaci\u00f3 social:<\/strong> AVANCEM AMB VOSTE, S.L<\/li><li><strong>Domicili social:<\/strong> C\/ Almog\u00e0vers 80, Barcelona &#8211; 08018<\/li><li><strong>CIF:<\/strong> B63705305<\/li><li><strong>Tel\u00e8fon de contacte<\/strong>: (+34) 932 43 25 10<\/li><li><strong>E-mail de contacte<\/strong>: <a href=\"mailto:comercial@avannubo.com\">comercial@avannubo.com<\/a><\/li><\/ul>\t\t\t\t\t\t\t\t<\/div>\n\t\t\t\t<\/div>\n\t\t\t\t<div class=\"elementor-element elementor-element-cee3fb1 elementor-widget elementor-widget-heading\" data-id=\"cee3fb1\" data-element_type=\"widget\" data-e-type=\"widget\" data-widget_type=\"heading.default\">\n\t\t\t\t<div class=\"elementor-widget-container\">\n\t\t\t\t\t<h2 class=\"elementor-heading-title elementor-size-default\">Objecte del lloc web<\/h2>\t\t\t\t<\/div>\n\t\t\t\t<\/div>\n\t\t\t\t<div class=\"elementor-element elementor-element-6210087 enlaces elementor-widget elementor-widget-text-editor\" data-id=\"6210087\" data-element_type=\"widget\" data-e-type=\"widget\" data-widget_type=\"text-editor.default\">\n\t\t\t\t<div class=\"elementor-widget-container\">\n\t\t\t\t\t\t\t\t\t<p data-start=\"161\" data-end=\"410\">Aquest lloc web t\u00e9 com a finalitat <strong data-start=\"204\" data-end=\"287\">informar i mostrar de manera clara tots els serveis oferts per l&#8217;empresa<\/strong>, aix\u00ed com oferir recursos \u00fatils i actualitzacions rellevants per a clients i usuaris interessats en solucions d&#8217;IT.<\/p><p data-start=\"412\" data-end=\"456\">A trav\u00e9s del web, els visitants poden:<\/p><ul data-start=\"457\" data-end=\"1226\"><li data-start=\"457\" data-end=\"617\"><p data-start=\"459\" data-end=\"617\">Con\u00e8ixer <strong data-start=\"467\" data-end=\"512\">els serveis professionals de l&#8217;empresa<\/strong>, acompanyats de <strong data-start=\"529\" data-end=\"547\">casos d&#8217;\u00e8xit<\/strong>, refer\u00e8ncies de <strong data-start=\"564\" data-end=\"576\">clients<\/strong> i <strong data-start=\"579\" data-end=\"591\">partners<\/strong> amb els quals treballem.<\/p><\/li><li data-start=\"618\" data-end=\"847\"><p data-start=\"620\" data-end=\"847\">Consultar informaci\u00f3 detallada sobre <strong data-start=\"658\" data-end=\"686\">tarifes de m\u00f2bil i fibra<\/strong>, aix\u00ed com de <strong data-start=\"700\" data-end=\"738\">productes i solucions disponibles<\/strong>, incloent-hi preus orientatius, sense que es realitzin compres ni contractacions directament des del web.<\/p><\/li><li data-start=\"848\" data-end=\"962\"><p data-start=\"850\" data-end=\"962\">Accedir a <strong data-start=\"860\" data-end=\"897\">eines \u00fatils per a clients<\/strong>, com ara generadors de contrasenyes segures i enlla\u00e7os protegits.<\/p><\/li><li data-start=\"963\" data-end=\"1103\"><p data-start=\"965\" data-end=\"1103\">Utilitzar l&#8217;apartat d&#8217;<strong data-start=\"989\" data-end=\"1010\">assist\u00e8ncia remota<\/strong>, dissenyat per facilitar la connexi\u00f3 de t\u00e8cnics amb usuaris de manera r\u00e0pida i senzilla.<\/p><\/li><li data-start=\"1104\" data-end=\"1226\"><p data-start=\"1106\" data-end=\"1226\">Seguir el nostre <strong data-start=\"1121\" data-end=\"1129\">blog<\/strong>, que inclou not\u00edcies, novetats i actualitzacions relacionades amb l&#8217;empresa i el sector IT.<\/p><\/li><\/ul><p data-start=\"1228\" data-end=\"1494\">El lloc web t\u00e9 un car\u00e0cter <strong data-start=\"1259\" data-end=\"1285\">informatiu i de suport<\/strong>, proporcionant a clients i usuaris tota la informaci\u00f3 necess\u00e0ria per con\u00e8ixer l&#8217;oferta de l&#8217;empresa i utilitzar els seus serveis de manera \u00f2ptima, sense que impliqui contractaci\u00f3 directa des de la plataforma.<\/p>\t\t\t\t\t\t\t\t<\/div>\n\t\t\t\t<\/div>\n\t\t\t\t<div class=\"elementor-element elementor-element-ba64b82 elementor-widget elementor-widget-heading\" data-id=\"ba64b82\" data-element_type=\"widget\" data-e-type=\"widget\" data-widget_type=\"heading.default\">\n\t\t\t\t<div class=\"elementor-widget-container\">\n\t\t\t\t\t<h2 class=\"elementor-heading-title elementor-size-default\">Propietat intel\u00b7lectual i industrial:<\/h2>\t\t\t\t<\/div>\n\t\t\t\t<\/div>\n\t\t\t\t<div class=\"elementor-element elementor-element-70c66b5 enlaces elementor-widget elementor-widget-text-editor\" data-id=\"70c66b5\" data-element_type=\"widget\" data-e-type=\"widget\" data-widget_type=\"text-editor.default\">\n\t\t\t\t<div class=\"elementor-widget-container\">\n\t\t\t\t\t\t\t\t\t<p>Tots els continguts d&#8217;aquest lloc web (textos, imatges, logotips, disseny, estructura, etc.) estan protegits per la normativa de propietat intel\u00b7lectual. Est\u00e0 prohibida la seva reproducci\u00f3 total o parcial sense autoritzaci\u00f3 expressa. <\/p>\t\t\t\t\t\t\t\t<\/div>\n\t\t\t\t<\/div>\n\t\t\t\t<div class=\"elementor-element elementor-element-59b29d2 elementor-widget elementor-widget-heading\" data-id=\"59b29d2\" data-element_type=\"widget\" data-e-type=\"widget\" data-widget_type=\"heading.default\">\n\t\t\t\t<div class=\"elementor-widget-container\">\n\t\t\t\t\t<h2 class=\"elementor-heading-title elementor-size-default\">Responsabilitat:<\/h2>\t\t\t\t<\/div>\n\t\t\t\t<\/div>\n\t\t\t\t<div class=\"elementor-element elementor-element-ff989ba enlaces elementor-widget elementor-widget-text-editor\" data-id=\"ff989ba\" data-element_type=\"widget\" data-e-type=\"widget\" data-widget_type=\"text-editor.default\">\n\t\t\t\t<div class=\"elementor-widget-container\">\n\t\t\t\t\t\t\t\t\t<p>Continguts<\/p><p>El Titular del web no es fa responsable dels errors o omissions de la informaci\u00f3 o continguts facilitats a trav\u00e9s del Portal ni de l&#8217;aplicaci\u00f3 o \u00fas concret que pogu\u00e9s fer-se d&#8217;aquests. L&#8217;acc\u00e9s al Portal no implica l&#8217;obligaci\u00f3 del titular ni del seu personal de comprovar la veracitat, exactitud, idone\u00eftat, adequaci\u00f3, exhaustivitat i actualitat de la informaci\u00f3 i continguts.<br>Els continguts del web no suposen de cap manera la prestaci\u00f3 de cap servei legal. L&#8217;Usuari \u00e9s l&#8217;\u00fanic responsable davant de qualsevol reclamaci\u00f3 o acci\u00f3 legal, judicial o extrajudicial, iniciada per tercers contra el Titular que tingui el seu origen en la utilitzaci\u00f3 del web per l&#8217;Usuari.<br>En el seu cas, l&#8217;Usuari assumir\u00e0 les despeses, costos i indemnitzacions originats amb motiu d&#8217;aquestes reclamacions o accions legals.  <\/p><p>Funcionament<\/p><p>El Titular no es fa responsable per les interfer\u00e8ncies, omissions, interrupcions, virus inform\u00e0tics o altres elements que puguin produir alteracions en els sistemes de l&#8217;Usuari o en els seus documents o arxius motivats per causes alienes a la web. De la mateixa manera, el Titular no assumeix la responsabilitat derivada de retards o bloquejos en el funcionament operatiu del web causat per defici\u00e8ncies o sobrec\u00e0rrega en les l\u00ednies telef\u00f2niques o a Internet, aix\u00ed com de danys causats per terceres persones mitjan\u00e7ant intromissions il\u00b7leg\u00edtimes. El Titular es reserva el dret de suspendre l&#8217;acc\u00e9s al Portal amb motiu d&#8217;operacions de manteniment, reparaci\u00f3 i\/o millora.  <\/p><p>Enlla\u00e7os<\/p><p>el Titular no es fa responsable dels continguts i serveis d&#8217;aquelles p\u00e0gines web que puguin estar enlla\u00e7ades al Portal m\u00e9s enll\u00e0 de la responsabilitat assignada per la Llei 34\/2002, de 12 de juliol, de Serveis de la Societat de la Informaci\u00f3 i el Comer\u00e7 Electr\u00f2nic, en la mesura en qu\u00e8 pogu\u00e9s tenir coneixement efectiu de la il\u00b7licitud dels continguts i serveis subministrats al portal web enlla\u00e7at i no desactivi l&#8217;enlla\u00e7 amb la dilig\u00e8ncia deguda. Si voleu posar en el nostre coneixement l&#8217;exist\u00e8ncia d&#8217;un enlla\u00e7 cap a un lloc web amb continguts que considereu inadequats o il\u00b7l\u00edcits podeu posar-vos en contacte amb nosaltres a trav\u00e9s del correu <a href=\"mailto:comercial@avannubo.com\">comercial@avannubo.com<\/a>. <\/p>\t\t\t\t\t\t\t\t<\/div>\n\t\t\t\t<\/div>\n\t\t\t\t<div class=\"elementor-element elementor-element-da277cf elementor-widget elementor-widget-heading\" data-id=\"da277cf\" data-element_type=\"widget\" data-e-type=\"widget\" data-widget_type=\"heading.default\">\n\t\t\t\t<div class=\"elementor-widget-container\">\n\t\t\t\t\t<h2 class=\"elementor-heading-title elementor-size-default\">Legislaci\u00f3 aplicable i jurisdicci\u00f3:<\/h2>\t\t\t\t<\/div>\n\t\t\t\t<\/div>\n\t\t\t\t<div class=\"elementor-element elementor-element-b585a52 enlaces elementor-widget elementor-widget-text-editor\" data-id=\"b585a52\" data-element_type=\"widget\" data-e-type=\"widget\" data-widget_type=\"text-editor.default\">\n\t\t\t\t<div class=\"elementor-widget-container\">\n\t\t\t\t\t\t\t\t\t<p>Aquest av\u00eds legal es regeix per la legislaci\u00f3 espanyola. Per a la resoluci\u00f3 de qualsevol conflicte derivat de l&#8217;acc\u00e9s al lloc web, l&#8217;usuari se sotmet als tribunals de Barcelona renunciant a qualsevol altre fur que pogu\u00e9s correspondre-li. <\/p>\t\t\t\t\t\t\t\t<\/div>\n\t\t\t\t<\/div>\n\t\t\t\t<div class=\"elementor-element elementor-element-2bc7076 elementor-widget elementor-widget-heading\" data-id=\"2bc7076\" data-element_type=\"widget\" data-e-type=\"widget\" data-widget_type=\"heading.default\">\n\t\t\t\t<div class=\"elementor-widget-container\">\n\t\t\t\t\t<h2 class=\"elementor-heading-title elementor-size-default\">Protecci\u00f3 de dades<\/h2>\t\t\t\t<\/div>\n\t\t\t\t<\/div>\n\t\t\t\t<div class=\"elementor-element elementor-element-0b480d1 enlaces elementor-widget elementor-widget-text-editor\" data-id=\"0b480d1\" data-element_type=\"widget\" data-e-type=\"widget\" data-widget_type=\"text-editor.default\">\n\t\t\t\t<div class=\"elementor-widget-container\">\n\t\t\t\t\t\t\t\t\t<p>Podeu accedir a la informaci\u00f3 detallada respecte al tractament de les dades personals que el Titular duu a terme dels Usuaris visitant la nostra <a href=\"\/ca\/privacitat\">Pol\u00edtica de privacitat.<\/a><\/p>\t\t\t\t\t\t\t\t<\/div>\n\t\t\t\t<\/div>\n\t\t\t\t<\/div>\n\t\t\t\t\t<\/div>\n\t\t\t\t<\/div>\n\t\t\t\t<\/div>\n\t\t","protected":false},"excerpt":{"rendered":"<p>Av\u00eds legal Introducci\u00f3 En compliment de la Llei 34\/2002, d&#8217;11 de juliol, de Serveis de la Societat de la Informaci\u00f3 i del Comer\u00e7 Electr\u00f2nic (LSSI-CE), s&#8217;informa el seg\u00fcent: Titular del lloc web Denominaci\u00f3 social: AVANCEM AMB VOSTE, S.L Domicili social: C\/ Almog\u00e0vers 80, Barcelona &#8211; 08018 CIF: B63705305 Tel\u00e8fon de contacte: (+34) 932 43 25 10 E-mail de contacte: comercial@avannubo.com Objecte del lloc web Aquest lloc web t\u00e9 com a finalitat informar i mostrar de manera clara tots els serveis oferts per l&#8217;empresa, aix\u00ed com oferir recursos \u00fatils i actualitzacions rellevants per a clients i usuaris interessats en solucions d&#8217;IT. A trav\u00e9s del web, els visitants poden: Con\u00e8ixer els serveis professionals de l&#8217;empresa, acompanyats de casos d&#8217;\u00e8xit, refer\u00e8ncies de clients i partners amb els quals treballem. Consultar informaci\u00f3 detallada sobre tarifes de m\u00f2bil i fibra, aix\u00ed com de productes i solucions disponibles, incloent-hi preus orientatius, sense que es realitzin compres ni contractacions directament des del web. Accedir a eines \u00fatils per a clients, com ara generadors de contrasenyes segures i enlla\u00e7os protegits. Utilitzar l&#8217;apartat d&#8217;assist\u00e8ncia remota, dissenyat per facilitar la connexi\u00f3 de t\u00e8cnics amb usuaris de manera r\u00e0pida i senzilla. Seguir el nostre blog, que inclou not\u00edcies, novetats i actualitzacions relacionades amb l&#8217;empresa i el sector IT. El lloc web t\u00e9 un car\u00e0cter informatiu i de suport, proporcionant a clients i usuaris tota la informaci\u00f3 necess\u00e0ria per con\u00e8ixer l&#8217;oferta de l&#8217;empresa i utilitzar els seus serveis de manera \u00f2ptima, sense que impliqui contractaci\u00f3 directa des de la plataforma. Propietat intel\u00b7lectual i industrial: Tots els continguts d&#8217;aquest lloc web (textos, imatges, logotips, disseny, estructura, etc.) estan protegits per la normativa de propietat intel\u00b7lectual. Est\u00e0 prohibida la seva reproducci\u00f3 total o parcial sense autoritzaci\u00f3 expressa. Responsabilitat: Continguts El Titular del web no es fa responsable dels errors o omissions de la informaci\u00f3 o continguts facilitats a trav\u00e9s del Portal ni de l&#8217;aplicaci\u00f3 o \u00fas concret que pogu\u00e9s fer-se d&#8217;aquests. L&#8217;acc\u00e9s al Portal no implica l&#8217;obligaci\u00f3 del titular ni del seu personal de comprovar la veracitat, exactitud, idone\u00eftat, adequaci\u00f3, exhaustivitat i actualitat de la informaci\u00f3 i continguts.Els continguts del web no suposen de cap manera la prestaci\u00f3 de cap servei legal. L&#8217;Usuari \u00e9s l&#8217;\u00fanic responsable davant de qualsevol reclamaci\u00f3 o acci\u00f3 legal, judicial o extrajudicial, iniciada per tercers contra el Titular que tingui el seu origen en la utilitzaci\u00f3 del web per l&#8217;Usuari.En el seu cas, l&#8217;Usuari assumir\u00e0 les despeses, costos i indemnitzacions originats amb motiu d&#8217;aquestes reclamacions o accions legals. Funcionament El Titular no es fa responsable per les interfer\u00e8ncies, omissions, interrupcions, virus inform\u00e0tics o altres elements que puguin produir alteracions en els sistemes de l&#8217;Usuari o en els seus documents o arxius motivats per causes alienes a la web. De la mateixa manera, el Titular no assumeix la responsabilitat derivada de retards o bloquejos en el funcionament operatiu del web causat per defici\u00e8ncies o sobrec\u00e0rrega en les l\u00ednies telef\u00f2niques o a Internet, aix\u00ed com de danys causats per terceres persones mitjan\u00e7ant intromissions il\u00b7leg\u00edtimes. El Titular es reserva el dret de suspendre l&#8217;acc\u00e9s al Portal amb motiu d&#8217;operacions de manteniment, reparaci\u00f3 i\/o millora. Enlla\u00e7os el Titular no es fa responsable dels continguts i serveis d&#8217;aquelles p\u00e0gines web que puguin estar enlla\u00e7ades al Portal m\u00e9s enll\u00e0 de la responsabilitat assignada per la Llei 34\/2002, de 12 de juliol, de Serveis de la Societat de la Informaci\u00f3 i el Comer\u00e7 Electr\u00f2nic, en la mesura en qu\u00e8 pogu\u00e9s tenir coneixement efectiu de la il\u00b7licitud dels continguts i serveis subministrats al portal web enlla\u00e7at i no desactivi l&#8217;enlla\u00e7 amb la dilig\u00e8ncia deguda. Si voleu posar en el nostre coneixement l&#8217;exist\u00e8ncia d&#8217;un enlla\u00e7 cap a un lloc web amb continguts que considereu inadequats o il\u00b7l\u00edcits podeu posar-vos en contacte amb nosaltres a trav\u00e9s del correu comercial@avannubo.com. Legislaci\u00f3 aplicable i jurisdicci\u00f3: Aquest av\u00eds legal es regeix per la legislaci\u00f3 espanyola. Per a la resoluci\u00f3 de qualsevol conflicte derivat de l&#8217;acc\u00e9s al lloc web, l&#8217;usuari se sotmet als tribunals de Barcelona renunciant a qualsevol altre fur que pogu\u00e9s correspondre-li. Protecci\u00f3 de dades Podeu accedir a la informaci\u00f3 detallada respecte al tractament de les dades personals que el Titular duu a terme dels Usuaris visitant la nostra Pol\u00edtica de privacitat.<\/p>\n","protected":false},"author":1,"featured_media":0,"parent":0,"menu_order":0,"comment_status":"closed","ping_status":"closed","template":"","meta":{"footnotes":""},"class_list":["post-11653","page","type-page","status-publish","hentry"],"yoast_head":"<!-- This site is optimized with the Yoast SEO plugin v27.5 - https:\/\/yoast.com\/product\/yoast-seo-wordpress\/ -->\n<title>- Av\u00eds legal - Avannubo<\/title>\n<meta name=\"robots\" content=\"index, follow, max-snippet:-1, max-image-preview:large, max-video-preview:-1\" \/>\n<link rel=\"canonical\" href=\"https:\/\/avannubo.com\/ca\/avis-legal\/\" \/>\n<meta property=\"og:locale\" content=\"ca_ES\" \/>\n<meta property=\"og:type\" content=\"article\" \/>\n<meta property=\"og:title\" content=\"- Av\u00eds legal - Avannubo\" \/>\n<meta property=\"og:description\" content=\"Av\u00eds legal Introducci\u00f3 En compliment de la Llei 34\/2002, d&#8217;11 de juliol, de Serveis de la Societat de la Informaci\u00f3 i del Comer\u00e7 Electr\u00f2nic (LSSI-CE), s&#8217;informa el seg\u00fcent: Titular del lloc web Denominaci\u00f3 social: AVANCEM AMB VOSTE, S.L Domicili social: C\/ Almog\u00e0vers 80, Barcelona &#8211; 08018 CIF: B63705305 Tel\u00e8fon de contacte: (+34) 932 43 25 10 E-mail de contacte: comercial@avannubo.com Objecte del lloc web Aquest lloc web t\u00e9 com a finalitat informar i mostrar de manera clara tots els serveis oferts per l&#8217;empresa, aix\u00ed com oferir recursos \u00fatils i actualitzacions rellevants per a clients i usuaris interessats en solucions d&#8217;IT. A trav\u00e9s del web, els visitants poden: Con\u00e8ixer els serveis professionals de l&#8217;empresa, acompanyats de casos d&#8217;\u00e8xit, refer\u00e8ncies de clients i partners amb els quals treballem. Consultar informaci\u00f3 detallada sobre tarifes de m\u00f2bil i fibra, aix\u00ed com de productes i solucions disponibles, incloent-hi preus orientatius, sense que es realitzin compres ni contractacions directament des del web. Accedir a eines \u00fatils per a clients, com ara generadors de contrasenyes segures i enlla\u00e7os protegits. Utilitzar l&#8217;apartat d&#8217;assist\u00e8ncia remota, dissenyat per facilitar la connexi\u00f3 de t\u00e8cnics amb usuaris de manera r\u00e0pida i senzilla. Seguir el nostre blog, que inclou not\u00edcies, novetats i actualitzacions relacionades amb l&#8217;empresa i el sector IT. El lloc web t\u00e9 un car\u00e0cter informatiu i de suport, proporcionant a clients i usuaris tota la informaci\u00f3 necess\u00e0ria per con\u00e8ixer l&#8217;oferta de l&#8217;empresa i utilitzar els seus serveis de manera \u00f2ptima, sense que impliqui contractaci\u00f3 directa des de la plataforma. Propietat intel\u00b7lectual i industrial: Tots els continguts d&#8217;aquest lloc web (textos, imatges, logotips, disseny, estructura, etc.) estan protegits per la normativa de propietat intel\u00b7lectual. Est\u00e0 prohibida la seva reproducci\u00f3 total o parcial sense autoritzaci\u00f3 expressa. Responsabilitat: Continguts El Titular del web no es fa responsable dels errors o omissions de la informaci\u00f3 o continguts facilitats a trav\u00e9s del Portal ni de l&#8217;aplicaci\u00f3 o \u00fas concret que pogu\u00e9s fer-se d&#8217;aquests. L&#8217;acc\u00e9s al Portal no implica l&#8217;obligaci\u00f3 del titular ni del seu personal de comprovar la veracitat, exactitud, idone\u00eftat, adequaci\u00f3, exhaustivitat i actualitat de la informaci\u00f3 i continguts.Els continguts del web no suposen de cap manera la prestaci\u00f3 de cap servei legal. L&#8217;Usuari \u00e9s l&#8217;\u00fanic responsable davant de qualsevol reclamaci\u00f3 o acci\u00f3 legal, judicial o extrajudicial, iniciada per tercers contra el Titular que tingui el seu origen en la utilitzaci\u00f3 del web per l&#8217;Usuari.En el seu cas, l&#8217;Usuari assumir\u00e0 les despeses, costos i indemnitzacions originats amb motiu d&#8217;aquestes reclamacions o accions legals. Funcionament El Titular no es fa responsable per les interfer\u00e8ncies, omissions, interrupcions, virus inform\u00e0tics o altres elements que puguin produir alteracions en els sistemes de l&#8217;Usuari o en els seus documents o arxius motivats per causes alienes a la web. De la mateixa manera, el Titular no assumeix la responsabilitat derivada de retards o bloquejos en el funcionament operatiu del web causat per defici\u00e8ncies o sobrec\u00e0rrega en les l\u00ednies telef\u00f2niques o a Internet, aix\u00ed com de danys causats per terceres persones mitjan\u00e7ant intromissions il\u00b7leg\u00edtimes. El Titular es reserva el dret de suspendre l&#8217;acc\u00e9s al Portal amb motiu d&#8217;operacions de manteniment, reparaci\u00f3 i\/o millora. Enlla\u00e7os el Titular no es fa responsable dels continguts i serveis d&#8217;aquelles p\u00e0gines web que puguin estar enlla\u00e7ades al Portal m\u00e9s enll\u00e0 de la responsabilitat assignada per la Llei 34\/2002, de 12 de juliol, de Serveis de la Societat de la Informaci\u00f3 i el Comer\u00e7 Electr\u00f2nic, en la mesura en qu\u00e8 pogu\u00e9s tenir coneixement efectiu de la il\u00b7licitud dels continguts i serveis subministrats al portal web enlla\u00e7at i no desactivi l&#8217;enlla\u00e7 amb la dilig\u00e8ncia deguda. Si voleu posar en el nostre coneixement l&#8217;exist\u00e8ncia d&#8217;un enlla\u00e7 cap a un lloc web amb continguts que considereu inadequats o il\u00b7l\u00edcits podeu posar-vos en contacte amb nosaltres a trav\u00e9s del correu comercial@avannubo.com. Legislaci\u00f3 aplicable i jurisdicci\u00f3: Aquest av\u00eds legal es regeix per la legislaci\u00f3 espanyola. Per a la resoluci\u00f3 de qualsevol conflicte derivat de l&#8217;acc\u00e9s al lloc web, l&#8217;usuari se sotmet als tribunals de Barcelona renunciant a qualsevol altre fur que pogu\u00e9s correspondre-li. Protecci\u00f3 de dades Podeu accedir a la informaci\u00f3 detallada respecte al tractament de les dades personals que el Titular duu a terme dels Usuaris visitant la nostra Pol\u00edtica de privacitat.\" \/>\n<meta property=\"og:url\" content=\"https:\/\/avannubo.com\/ca\/avis-legal\/\" \/>\n<meta property=\"og:site_name\" content=\"Avannubo\" \/>\n<meta property=\"article:modified_time\" content=\"2026-02-03T16:41:11+00:00\" \/>\n<meta name=\"twitter:card\" content=\"summary_large_image\" \/>\n<meta name=\"twitter:site\" content=\"@avannubo\" \/>\n<meta name=\"twitter:label1\" content=\"Temps estimat de lectura\" \/>\n\t<meta name=\"twitter:data1\" content=\"4 minuts\" \/>\n<script type=\"application\/ld+json\" class=\"yoast-schema-graph\">{\"@context\":\"https:\\\/\\\/schema.org\",\"@graph\":[{\"@type\":\"WebPage\",\"@id\":\"https:\\\/\\\/avannubo.com\\\/ca\\\/avis-legal\\\/\",\"url\":\"https:\\\/\\\/avannubo.com\\\/ca\\\/avis-legal\\\/\",\"name\":\"- Av\u00eds legal - Avannubo\",\"isPartOf\":{\"@id\":\"https:\\\/\\\/avannubo.com\\\/ca\\\/#website\"},\"datePublished\":\"2025-08-07T10:38:14+00:00\",\"dateModified\":\"2026-02-03T16:41:11+00:00\",\"breadcrumb\":{\"@id\":\"https:\\\/\\\/avannubo.com\\\/ca\\\/avis-legal\\\/#breadcrumb\"},\"inLanguage\":\"ca\",\"potentialAction\":[{\"@type\":\"ReadAction\",\"target\":[\"https:\\\/\\\/avannubo.com\\\/ca\\\/avis-legal\\\/\"]}]},{\"@type\":\"BreadcrumbList\",\"@id\":\"https:\\\/\\\/avannubo.com\\\/ca\\\/avis-legal\\\/#breadcrumb\",\"itemListElement\":[{\"@type\":\"ListItem\",\"position\":1,\"name\":\"Portada\",\"item\":\"https:\\\/\\\/avannubo.com\\\/ca\\\/\"},{\"@type\":\"ListItem\",\"position\":2,\"name\":\"&#8211; Av\u00eds legal\"}]},{\"@type\":\"WebSite\",\"@id\":\"https:\\\/\\\/avannubo.com\\\/ca\\\/#website\",\"url\":\"https:\\\/\\\/avannubo.com\\\/ca\\\/\",\"name\":\"Avannubo\",\"description\":\"Your technology partner\",\"publisher\":{\"@id\":\"https:\\\/\\\/avannubo.com\\\/ca\\\/#organization\"},\"potentialAction\":[{\"@type\":\"SearchAction\",\"target\":{\"@type\":\"EntryPoint\",\"urlTemplate\":\"https:\\\/\\\/avannubo.com\\\/ca\\\/?s={search_term_string}\"},\"query-input\":{\"@type\":\"PropertyValueSpecification\",\"valueRequired\":true,\"valueName\":\"search_term_string\"}}],\"inLanguage\":\"ca\"},{\"@type\":\"Organization\",\"@id\":\"https:\\\/\\\/avannubo.com\\\/ca\\\/#organization\",\"name\":\"Avannubo\",\"url\":\"https:\\\/\\\/avannubo.com\\\/ca\\\/\",\"logo\":{\"@type\":\"ImageObject\",\"inLanguage\":\"ca\",\"@id\":\"https:\\\/\\\/avannubo.com\\\/ca\\\/#\\\/schema\\\/logo\\\/image\\\/\",\"url\":\"https:\\\/\\\/avannubo.com\\\/wp-content\\\/uploads\\\/2025\\\/04\\\/Logo-Avannubo-Grueso-e1753438679843.png\",\"contentUrl\":\"https:\\\/\\\/avannubo.com\\\/wp-content\\\/uploads\\\/2025\\\/04\\\/Logo-Avannubo-Grueso-e1753438679843.png\",\"width\":1510,\"height\":214,\"caption\":\"Avannubo\"},\"image\":{\"@id\":\"https:\\\/\\\/avannubo.com\\\/ca\\\/#\\\/schema\\\/logo\\\/image\\\/\"},\"sameAs\":[\"https:\\\/\\\/x.com\\\/avannubo\",\"https:\\\/\\\/www.instagram.com\\\/avannubo\\\/\",\"https:\\\/\\\/www.youtube.com\\\/@avannubo4525\",\"https:\\\/\\\/es.linkedin.com\\\/company\\\/avancem-grup\"]}]}<\/script>\n<!-- \/ Yoast SEO plugin. -->","yoast_head_json":{"title":"- Av\u00eds legal - Avannubo","robots":{"index":"index","follow":"follow","max-snippet":"max-snippet:-1","max-image-preview":"max-image-preview:large","max-video-preview":"max-video-preview:-1"},"canonical":"https:\/\/avannubo.com\/ca\/avis-legal\/","og_locale":"ca_ES","og_type":"article","og_title":"- Av\u00eds legal - Avannubo","og_description":"Av\u00eds legal Introducci\u00f3 En compliment de la Llei 34\/2002, d&#8217;11 de juliol, de Serveis de la Societat de la Informaci\u00f3 i del Comer\u00e7 Electr\u00f2nic (LSSI-CE), s&#8217;informa el seg\u00fcent: Titular del lloc web Denominaci\u00f3 social: AVANCEM AMB VOSTE, S.L Domicili social: C\/ Almog\u00e0vers 80, Barcelona &#8211; 08018 CIF: B63705305 Tel\u00e8fon de contacte: (+34) 932 43 25 10 E-mail de contacte: comercial@avannubo.com Objecte del lloc web Aquest lloc web t\u00e9 com a finalitat informar i mostrar de manera clara tots els serveis oferts per l&#8217;empresa, aix\u00ed com oferir recursos \u00fatils i actualitzacions rellevants per a clients i usuaris interessats en solucions d&#8217;IT. A trav\u00e9s del web, els visitants poden: Con\u00e8ixer els serveis professionals de l&#8217;empresa, acompanyats de casos d&#8217;\u00e8xit, refer\u00e8ncies de clients i partners amb els quals treballem. Consultar informaci\u00f3 detallada sobre tarifes de m\u00f2bil i fibra, aix\u00ed com de productes i solucions disponibles, incloent-hi preus orientatius, sense que es realitzin compres ni contractacions directament des del web. Accedir a eines \u00fatils per a clients, com ara generadors de contrasenyes segures i enlla\u00e7os protegits. Utilitzar l&#8217;apartat d&#8217;assist\u00e8ncia remota, dissenyat per facilitar la connexi\u00f3 de t\u00e8cnics amb usuaris de manera r\u00e0pida i senzilla. Seguir el nostre blog, que inclou not\u00edcies, novetats i actualitzacions relacionades amb l&#8217;empresa i el sector IT. El lloc web t\u00e9 un car\u00e0cter informatiu i de suport, proporcionant a clients i usuaris tota la informaci\u00f3 necess\u00e0ria per con\u00e8ixer l&#8217;oferta de l&#8217;empresa i utilitzar els seus serveis de manera \u00f2ptima, sense que impliqui contractaci\u00f3 directa des de la plataforma. Propietat intel\u00b7lectual i industrial: Tots els continguts d&#8217;aquest lloc web (textos, imatges, logotips, disseny, estructura, etc.) estan protegits per la normativa de propietat intel\u00b7lectual. Est\u00e0 prohibida la seva reproducci\u00f3 total o parcial sense autoritzaci\u00f3 expressa. Responsabilitat: Continguts El Titular del web no es fa responsable dels errors o omissions de la informaci\u00f3 o continguts facilitats a trav\u00e9s del Portal ni de l&#8217;aplicaci\u00f3 o \u00fas concret que pogu\u00e9s fer-se d&#8217;aquests. L&#8217;acc\u00e9s al Portal no implica l&#8217;obligaci\u00f3 del titular ni del seu personal de comprovar la veracitat, exactitud, idone\u00eftat, adequaci\u00f3, exhaustivitat i actualitat de la informaci\u00f3 i continguts.Els continguts del web no suposen de cap manera la prestaci\u00f3 de cap servei legal. L&#8217;Usuari \u00e9s l&#8217;\u00fanic responsable davant de qualsevol reclamaci\u00f3 o acci\u00f3 legal, judicial o extrajudicial, iniciada per tercers contra el Titular que tingui el seu origen en la utilitzaci\u00f3 del web per l&#8217;Usuari.En el seu cas, l&#8217;Usuari assumir\u00e0 les despeses, costos i indemnitzacions originats amb motiu d&#8217;aquestes reclamacions o accions legals. Funcionament El Titular no es fa responsable per les interfer\u00e8ncies, omissions, interrupcions, virus inform\u00e0tics o altres elements que puguin produir alteracions en els sistemes de l&#8217;Usuari o en els seus documents o arxius motivats per causes alienes a la web. De la mateixa manera, el Titular no assumeix la responsabilitat derivada de retards o bloquejos en el funcionament operatiu del web causat per defici\u00e8ncies o sobrec\u00e0rrega en les l\u00ednies telef\u00f2niques o a Internet, aix\u00ed com de danys causats per terceres persones mitjan\u00e7ant intromissions il\u00b7leg\u00edtimes. El Titular es reserva el dret de suspendre l&#8217;acc\u00e9s al Portal amb motiu d&#8217;operacions de manteniment, reparaci\u00f3 i\/o millora. Enlla\u00e7os el Titular no es fa responsable dels continguts i serveis d&#8217;aquelles p\u00e0gines web que puguin estar enlla\u00e7ades al Portal m\u00e9s enll\u00e0 de la responsabilitat assignada per la Llei 34\/2002, de 12 de juliol, de Serveis de la Societat de la Informaci\u00f3 i el Comer\u00e7 Electr\u00f2nic, en la mesura en qu\u00e8 pogu\u00e9s tenir coneixement efectiu de la il\u00b7licitud dels continguts i serveis subministrats al portal web enlla\u00e7at i no desactivi l&#8217;enlla\u00e7 amb la dilig\u00e8ncia deguda. Si voleu posar en el nostre coneixement l&#8217;exist\u00e8ncia d&#8217;un enlla\u00e7 cap a un lloc web amb continguts que considereu inadequats o il\u00b7l\u00edcits podeu posar-vos en contacte amb nosaltres a trav\u00e9s del correu comercial@avannubo.com. Legislaci\u00f3 aplicable i jurisdicci\u00f3: Aquest av\u00eds legal es regeix per la legislaci\u00f3 espanyola. Per a la resoluci\u00f3 de qualsevol conflicte derivat de l&#8217;acc\u00e9s al lloc web, l&#8217;usuari se sotmet als tribunals de Barcelona renunciant a qualsevol altre fur que pogu\u00e9s correspondre-li. Protecci\u00f3 de dades Podeu accedir a la informaci\u00f3 detallada respecte al tractament de les dades personals que el Titular duu a terme dels Usuaris visitant la nostra Pol\u00edtica de privacitat.","og_url":"https:\/\/avannubo.com\/ca\/avis-legal\/","og_site_name":"Avannubo","article_modified_time":"2026-02-03T16:41:11+00:00","twitter_card":"summary_large_image","twitter_site":"@avannubo","twitter_misc":{"Temps estimat de lectura":"4 minuts"},"schema":{"@context":"https:\/\/schema.org","@graph":[{"@type":"WebPage","@id":"https:\/\/avannubo.com\/ca\/avis-legal\/","url":"https:\/\/avannubo.com\/ca\/avis-legal\/","name":"- Av\u00eds legal - Avannubo","isPartOf":{"@id":"https:\/\/avannubo.com\/ca\/#website"},"datePublished":"2025-08-07T10:38:14+00:00","dateModified":"2026-02-03T16:41:11+00:00","breadcrumb":{"@id":"https:\/\/avannubo.com\/ca\/avis-legal\/#breadcrumb"},"inLanguage":"ca","potentialAction":[{"@type":"ReadAction","target":["https:\/\/avannubo.com\/ca\/avis-legal\/"]}]},{"@type":"BreadcrumbList","@id":"https:\/\/avannubo.com\/ca\/avis-legal\/#breadcrumb","itemListElement":[{"@type":"ListItem","position":1,"name":"Portada","item":"https:\/\/avannubo.com\/ca\/"},{"@type":"ListItem","position":2,"name":"&#8211; Av\u00eds legal"}]},{"@type":"WebSite","@id":"https:\/\/avannubo.com\/ca\/#website","url":"https:\/\/avannubo.com\/ca\/","name":"Avannubo","description":"Your technology partner","publisher":{"@id":"https:\/\/avannubo.com\/ca\/#organization"},"potentialAction":[{"@type":"SearchAction","target":{"@type":"EntryPoint","urlTemplate":"https:\/\/avannubo.com\/ca\/?s={search_term_string}"},"query-input":{"@type":"PropertyValueSpecification","valueRequired":true,"valueName":"search_term_string"}}],"inLanguage":"ca"},{"@type":"Organization","@id":"https:\/\/avannubo.com\/ca\/#organization","name":"Avannubo","url":"https:\/\/avannubo.com\/ca\/","logo":{"@type":"ImageObject","inLanguage":"ca","@id":"https:\/\/avannubo.com\/ca\/#\/schema\/logo\/image\/","url":"https:\/\/avannubo.com\/wp-content\/uploads\/2025\/04\/Logo-Avannubo-Grueso-e1753438679843.png","contentUrl":"https:\/\/avannubo.com\/wp-content\/uploads\/2025\/04\/Logo-Avannubo-Grueso-e1753438679843.png","width":1510,"height":214,"caption":"Avannubo"},"image":{"@id":"https:\/\/avannubo.com\/ca\/#\/schema\/logo\/image\/"},"sameAs":["https:\/\/x.com\/avannubo","https:\/\/www.instagram.com\/avannubo\/","https:\/\/www.youtube.com\/@avannubo4525","https:\/\/es.linkedin.com\/company\/avancem-grup"]}]}},"_links":{"self":[{"href":"https:\/\/avannubo.com\/ca\/wp-json\/wp\/v2\/pages\/11653","targetHints":{"allow":["GET"]}}],"collection":[{"href":"https:\/\/avannubo.com\/ca\/wp-json\/wp\/v2\/pages"}],"about":[{"href":"https:\/\/avannubo.com\/ca\/wp-json\/wp\/v2\/types\/page"}],"author":[{"embeddable":true,"href":"https:\/\/avannubo.com\/ca\/wp-json\/wp\/v2\/users\/1"}],"replies":[{"embeddable":true,"href":"https:\/\/avannubo.com\/ca\/wp-json\/wp\/v2\/comments?post=11653"}],"version-history":[{"count":2,"href":"https:\/\/avannubo.com\/ca\/wp-json\/wp\/v2\/pages\/11653\/revisions"}],"predecessor-version":[{"id":11660,"href":"https:\/\/avannubo.com\/ca\/wp-json\/wp\/v2\/pages\/11653\/revisions\/11660"}],"wp:attachment":[{"href":"https:\/\/avannubo.com\/ca\/wp-json\/wp\/v2\/media?parent=11653"}],"curies":[{"name":"wp","href":"https:\/\/api.w.org\/{rel}","templated":true}]}}