{"id":11649,"date":"2025-08-07T10:38:37","date_gmt":"2025-08-07T10:38:37","guid":{"rendered":"https:\/\/avannubo.com\/accesiblitat\/"},"modified":"2026-02-03T16:24:51","modified_gmt":"2026-02-03T16:24:51","slug":"accesiblitat","status":"publish","type":"page","link":"https:\/\/avannubo.com\/ca\/accesiblitat\/","title":{"rendered":"&#8211; Accesiblitat"},"content":{"rendered":"\t\t<div data-elementor-type=\"wp-page\" data-elementor-id=\"11649\" class=\"elementor elementor-11649 elementor-4311\" data-elementor-post-type=\"page\">\n\t\t\t\t<div class=\"elementor-element elementor-element-1ff01c6 e-con-full e-flex e-con e-parent\" data-id=\"1ff01c6\" data-element_type=\"container\" data-e-type=\"container\" data-settings=\"{&quot;background_background&quot;:&quot;video&quot;,&quot;background_video_link&quot;:&quot;https:\\\/\\\/videos.pexels.com\\\/video-files\\\/8865883\\\/8865883-hd_1920_1080_25fps.mp4&quot;,&quot;position&quot;:&quot;fixed&quot;}\">\n\t\t<div class=\"elementor-background-video-container elementor-hidden-mobile\">\n\t\t\t\t\t\t\t<video class=\"elementor-background-video-hosted\" role=\"presentation\" autoplay muted playsinline loop><\/video>\n\t\t\t\t\t<\/div>\t\t<\/div>\n\t\t<div class=\"elementor-element elementor-element-d270828 overhid  e-flex e-con-boxed e-con e-parent\" data-id=\"d270828\" data-element_type=\"container\" data-e-type=\"container\">\n\t\t\t\t\t<div class=\"e-con-inner\">\n\t\t<div class=\"elementor-element elementor-element-1a731fd e-con-full glass e-flex e-con e-child\" data-id=\"1a731fd\" data-element_type=\"container\" data-e-type=\"container\">\n\t\t\t\t<div class=\"elementor-element elementor-element-f7a12ce elementor-widget elementor-widget-heading\" data-id=\"f7a12ce\" data-element_type=\"widget\" data-e-type=\"widget\" data-widget_type=\"heading.default\">\n\t\t\t\t<div class=\"elementor-widget-container\">\n\t\t\t\t\t<h2 class=\"elementor-heading-title elementor-size-default\">Accesiblitat<\/h2>\t\t\t\t<\/div>\n\t\t\t\t<\/div>\n\t\t\t\t<div class=\"elementor-element elementor-element-748103a enlaces elementor-widget elementor-widget-text-editor\" data-id=\"748103a\" data-element_type=\"widget\" data-e-type=\"widget\" data-widget_type=\"text-editor.default\">\n\t\t\t\t<div class=\"elementor-widget-container\">\n\t\t\t\t\t\t\t\t\t<p><strong>AVANCEM AMB VOSTE, S.L<\/strong> s&#8217;ha comprom\u00e8s a fer accessible el seu lloc web, de conformitat amb el <a class=\"ext\" href=\"https:\/\/www.boe.es\/diario_boe\/txt.php?id=BOE-A-2018-12699\" target=\"_blank\" rel=\"noopener noreferrer\" data-extlink=\"\" data-insuit-uuid=\"06b55ca3-c663-49c7-a5e8-7deb8b8fc015\">Reial decret 1112\/2018, de 7 de setembre, sobre accessibilitat dels llocs web i aplicacions per a dispositius m\u00f2bils del sector p\u00fablic.<\/a><\/p><p>Aquesta declaraci\u00f3 d&#8217;accessibilitat s&#8217;aplica al lloc web <a href=\"https:\/\/avannubo.com\/ca\/\"><b> avannubo.com<\/b><\/a><\/p>\t\t\t\t\t\t\t\t<\/div>\n\t\t\t\t<\/div>\n\t\t\t\t<div class=\"elementor-element elementor-element-61d8652 elementor-widget elementor-widget-heading\" data-id=\"61d8652\" data-element_type=\"widget\" data-e-type=\"widget\" data-widget_type=\"heading.default\">\n\t\t\t\t<div class=\"elementor-widget-container\">\n\t\t\t\t\t<h2 class=\"elementor-heading-title elementor-size-default\">Situaci\u00f3 de compliment<\/h2>\t\t\t\t<\/div>\n\t\t\t\t<\/div>\n\t\t\t\t<div class=\"elementor-element elementor-element-7f6993e enlaces elementor-widget elementor-widget-text-editor\" data-id=\"7f6993e\" data-element_type=\"widget\" data-e-type=\"widget\" data-widget_type=\"text-editor.default\">\n\t\t\t\t<div class=\"elementor-widget-container\">\n\t\t\t\t\t\t\t\t\t<p>Aquest lloc web \u00e9s parcialment conforme amb el <a class=\"ext\" href=\"https:\/\/www.boe.es\/diario_boe\/txt.php?id=BOE-A-2018-12699\" target=\"_blank\" rel=\"noopener noreferrer\" data-extlink=\"\" data-insuit-uuid=\"ca8ecb6f-6f37-4b01-8854-bb095d57c27a\">RD 1112\/2018<\/a> a causa de les excepcions i a la manca de conformitat dels aspectes que s&#8217;indiquen en el punt seg\u00fcent.<\/p>\t\t\t\t\t\t\t\t<\/div>\n\t\t\t\t<\/div>\n\t\t\t\t<div class=\"elementor-element elementor-element-f0f0356 elementor-widget elementor-widget-heading\" data-id=\"f0f0356\" data-element_type=\"widget\" data-e-type=\"widget\" data-widget_type=\"heading.default\">\n\t\t\t\t<div class=\"elementor-widget-container\">\n\t\t\t\t\t<h2 class=\"elementor-heading-title elementor-size-default\">Contingut no accessible<\/h2>\t\t\t\t<\/div>\n\t\t\t\t<\/div>\n\t\t\t\t<div class=\"elementor-element elementor-element-8d426bb enlaces elementor-widget elementor-widget-text-editor\" data-id=\"8d426bb\" data-element_type=\"widget\" data-e-type=\"widget\" data-widget_type=\"text-editor.default\">\n\t\t\t\t<div class=\"elementor-widget-container\">\n\t\t\t\t\t\t\t\t\t<p>El contingut que es recull a continuaci\u00f3 no \u00e9s accessible pel seg\u00fcent:<\/p><div class=\"i4t-include-i4t-h2-h3\" role=\"region\" aria-labelledby=\"i4t-id-5\" data-insuit-uuid=\"fa0833d9-b9bb-4e39-a1f5-869d267dec02\"><p id=\"i4t-id-5\" class=\"i4t-h2-h3 i4t-reference-include\"><strong>Manca de conformitat amb el RD 1112\/2018<\/strong><\/p><p>Podrien existir documents d&#8217;ofim\u00e0tica en PDF i altres formats publicats posteriorment al 20 de setembre de 2018 que no compleixin totalment els requisits d&#8217;accessibilitat. Es poden sol\u00b7licitar els documents completament accessibles des del formulari de contacte per formalitzar queixes i consultes. <\/p><p>Podrien existir errors de codi puntuals d&#8217;edici\u00f3 en alguna p\u00e0gina web. [4.1.1 Processament] <\/p><\/div><div class=\"i4t-include-i4t-h2-h3\" role=\"region\" aria-labelledby=\"i4t-id-6\" data-insuit-uuid=\"ba62b608-735c-464d-81cb-9a032bf363f7\"><p id=\"i4t-id-6\" class=\"i4t-h2-h3 i4t-reference-include\"><strong>C\u00e0rrega desproporcionada<\/strong><\/p><p>No aplica.<\/p><\/div><div class=\"i4t-include-i4t-h2-h3\" role=\"region\" aria-labelledby=\"i4t-id-7\" data-insuit-uuid=\"889dbae3-f236-4f03-9776-77818804307f\"><p id=\"i4t-id-7\" class=\"i4t-h2-h3 i4t-reference-include\"><strong>El contingut no entra dins de l&#8217;\u00e0mbit de la legislaci\u00f3 aplicable<\/strong><\/p><p>Podrien existir fitxers d&#8217;ofim\u00e0tica en PDF o altres formats publicats abans del 20 de setembre de 2018 que no compleixin totalment tots els requisits d&#8217;accessibilitat. Tot i que s&#8217;ha procurat que la majoria s\u00ed que els compleixin. <\/p><\/div>\t\t\t\t\t\t\t\t<\/div>\n\t\t\t\t<\/div>\n\t\t\t\t<div class=\"elementor-element elementor-element-ddedff7 elementor-widget elementor-widget-heading\" data-id=\"ddedff7\" data-element_type=\"widget\" data-e-type=\"widget\" data-widget_type=\"heading.default\">\n\t\t\t\t<div class=\"elementor-widget-container\">\n\t\t\t\t\t<h2 class=\"elementor-heading-title elementor-size-default\">Preparaci\u00f3 per a la seg\u00fcent declaraci\u00f3 d'accessibilitat<\/h2>\t\t\t\t<\/div>\n\t\t\t\t<\/div>\n\t\t\t\t<div class=\"elementor-element elementor-element-8baacbb enlaces elementor-widget elementor-widget-text-editor\" data-id=\"8baacbb\" data-element_type=\"widget\" data-e-type=\"widget\" data-widget_type=\"text-editor.default\">\n\t\t\t\t<div class=\"elementor-widget-container\">\n\t\t\t\t\t\t\t\t\t<p>Aquesta declaraci\u00f3 va ser preparada el 28 de juny de 2021.<\/p><p>El m\u00e8tode emprat per preparar la declaraci\u00f3 ha estat una autoavaluaci\u00f3 duta a terme pel mateix organisme.<\/p><div class=\"mb-3 subtitle_3\">Observacions i dades de contacte<\/div><p>Podeu fer comunicacions sobre requisits d&#8217;accessibilitat (article 10.2.a del RD 1112\/2018) com, per exemple:<\/p><ul><li>Informar sobre qualsevol possible incompliment per part d&#8217;aquest lloc web<\/li><li>Transmetre altres dificultats d&#8217;acc\u00e9s al contingut<\/li><li>Formular qualsevol altra consulta o suggeriment de millora relativa a l&#8217;accessibilitat del lloc web<\/li><\/ul><p>a trav\u00e9s de la nostra p\u00e0gina de <a href=\"https:\/\/focus-media.agency\/contacto\">contacte<\/a>.<\/p><p>Podeu presentar:<\/p><ul><li>Queixa relativa al compliment dels requisits del RD 1112\/2018 o<\/li><li>Sol\u00b7licitud d&#8217;informaci\u00f3 accessible relativa a:<ul><li>Continguts que estan exclosos de l&#8217;\u00e0mbit d&#8217;aplicaci\u00f3 del RD 1112\/2018 segons el que estableix l&#8217;article 3, apartat 4<\/li><li>Continguts que estan exempts del compliment dels requisits d&#8217;accessibilitat per imposar una c\u00e0rrega desproporcionada<\/li><\/ul><\/li><\/ul><p>A la sol\u00b7licitud d&#8217;informaci\u00f3 accessible, s&#8217;ha de concretar, amb tota claredat, els fets, raons i petici\u00f3 que permetin constatar que es tracta d&#8217;una sol\u00b7licitud raonable i leg\u00edtima.<\/p><p>Les queixes i reclamacions sobre informaci\u00f3 accessible es faran a trav\u00e9s de la seu electr\u00f2nica (<a class=\"ext\" href=\"https:\/\/sede.red.gob.es\/procedimientos\/quejas-y-sugerencias\" target=\"_blank\" rel=\"noopener noreferrer\" data-extlink=\"\" data-insuit-uuid=\"c0c5004f-eaa8-4c2f-9545-39e4691beba2\">https:\/\/sede.red.gob.es\/procedimientos\/quejas-y-sugerencias<\/a>), i seran rebudes i tractades per l&#8217;\u00e0rea de Sistemes de la Informaci\u00f3 de Red.es.<\/p>\t\t\t\t\t\t\t\t<\/div>\n\t\t\t\t<\/div>\n\t\t\t\t<div class=\"elementor-element elementor-element-66dd32c elementor-widget elementor-widget-heading\" data-id=\"66dd32c\" data-element_type=\"widget\" data-e-type=\"widget\" data-widget_type=\"heading.default\">\n\t\t\t\t<div class=\"elementor-widget-container\">\n\t\t\t\t\t<h2 class=\"elementor-heading-title elementor-size-default\">Preparaci\u00f3 per a la seg\u00fcent declaraci\u00f3 d'accessibilitat<\/h2>\t\t\t\t<\/div>\n\t\t\t\t<\/div>\n\t\t\t\t<div class=\"elementor-element elementor-element-0f54a70 enlaces elementor-widget elementor-widget-text-editor\" data-id=\"0f54a70\" data-element_type=\"widget\" data-e-type=\"widget\" data-widget_type=\"text-editor.default\">\n\t\t\t\t<div class=\"elementor-widget-container\">\n\t\t\t\t\t\t\t\t\t<p>Aquest portal est\u00e0 dissenyat per poder canviar la mida del text i el color, aix\u00ed com el fons de la p\u00e0gina mitjan\u00e7ant les opcions de configuraci\u00f3 est\u00e0ndard dels navegadors.<\/p><p>Si voleu canviar la mida de la lletra del text als principals navegadors gr\u00e0fics, utilitzeu els men\u00fas seg\u00fcents:<\/p><ul><li>Internet Explorer, Mozilla i Firefox: Visualitza &gt; Mida del text<\/li><li>Opera: Visualitza &gt; Zoom<\/li><li>Safari: Visualitza &gt; Fes el text m\u00e9s gran<\/li><li>Chrome: Controla la p\u00e0gina actual &gt; Mida del text<\/li><li>Per modificar la mida de tot a la p\u00e0gina:<ul><li>Ctrl + + per augmentar-ho<\/li><li>Ctrl + \u2013 per disminuir-ho<\/li><li>Ctrl + 0 restaura la mida original del text<\/li><li>Si el que voleu \u00e9s anul\u00b7lar el full d&#8217;estils o modificar el color del text, podeu consultar la p\u00e0gina <span dir=\"ltr\" lang=\"en\">How to Change Text Size or Colors de la WAI<\/span>, que es pot llegir tradu\u00efda a l&#8217;espanyol a Com canviar la mida del text o els colors?<\/li><\/ul><\/li><\/ul>\t\t\t\t\t\t\t\t<\/div>\n\t\t\t\t<\/div>\n\t\t\t\t<\/div>\n\t\t\t\t\t<\/div>\n\t\t\t\t<\/div>\n\t\t\t\t<\/div>\n\t\t","protected":false},"excerpt":{"rendered":"<p>Accesiblitat AVANCEM AMB VOSTE, S.L s&#8217;ha comprom\u00e8s a fer accessible el seu lloc web, de conformitat amb el Reial decret 1112\/2018, de 7 de setembre, sobre accessibilitat dels llocs web i aplicacions per a dispositius m\u00f2bils del sector p\u00fablic. Aquesta declaraci\u00f3 d&#8217;accessibilitat s&#8217;aplica al lloc web avannubo.com Situaci\u00f3 de compliment Aquest lloc web \u00e9s parcialment conforme amb el RD 1112\/2018 a causa de les excepcions i a la manca de conformitat dels aspectes que s&#8217;indiquen en el punt seg\u00fcent. Contingut no accessible El contingut que es recull a continuaci\u00f3 no \u00e9s accessible pel seg\u00fcent: Manca de conformitat amb el RD 1112\/2018 Podrien existir documents d&#8217;ofim\u00e0tica en PDF i altres formats publicats posteriorment al 20 de setembre de 2018 que no compleixin totalment els requisits d&#8217;accessibilitat. Es poden sol\u00b7licitar els documents completament accessibles des del formulari de contacte per formalitzar queixes i consultes. Podrien existir errors de codi puntuals d&#8217;edici\u00f3 en alguna p\u00e0gina web. [4.1.1 Processament] C\u00e0rrega desproporcionada No aplica. El contingut no entra dins de l&#8217;\u00e0mbit de la legislaci\u00f3 aplicable Podrien existir fitxers d&#8217;ofim\u00e0tica en PDF o altres formats publicats abans del 20 de setembre de 2018 que no compleixin totalment tots els requisits d&#8217;accessibilitat. Tot i que s&#8217;ha procurat que la majoria s\u00ed que els compleixin. Preparaci\u00f3 per a la seg\u00fcent declaraci\u00f3 d&#8217;accessibilitat Aquesta declaraci\u00f3 va ser preparada el 28 de juny de 2021. El m\u00e8tode emprat per preparar la declaraci\u00f3 ha estat una autoavaluaci\u00f3 duta a terme pel mateix organisme. Observacions i dades de contacte Podeu fer comunicacions sobre requisits d&#8217;accessibilitat (article 10.2.a del RD 1112\/2018) com, per exemple: Informar sobre qualsevol possible incompliment per part d&#8217;aquest lloc web Transmetre altres dificultats d&#8217;acc\u00e9s al contingut Formular qualsevol altra consulta o suggeriment de millora relativa a l&#8217;accessibilitat del lloc web a trav\u00e9s de la nostra p\u00e0gina de contacte. Podeu presentar: Queixa relativa al compliment dels requisits del RD 1112\/2018 o Sol\u00b7licitud d&#8217;informaci\u00f3 accessible relativa a: Continguts que estan exclosos de l&#8217;\u00e0mbit d&#8217;aplicaci\u00f3 del RD 1112\/2018 segons el que estableix l&#8217;article 3, apartat 4 Continguts que estan exempts del compliment dels requisits d&#8217;accessibilitat per imposar una c\u00e0rrega desproporcionada A la sol\u00b7licitud d&#8217;informaci\u00f3 accessible, s&#8217;ha de concretar, amb tota claredat, els fets, raons i petici\u00f3 que permetin constatar que es tracta d&#8217;una sol\u00b7licitud raonable i leg\u00edtima. Les queixes i reclamacions sobre informaci\u00f3 accessible es faran a trav\u00e9s de la seu electr\u00f2nica (https:\/\/sede.red.gob.es\/procedimientos\/quejas-y-sugerencias), i seran rebudes i tractades per l&#8217;\u00e0rea de Sistemes de la Informaci\u00f3 de Red.es. Preparaci\u00f3 per a la seg\u00fcent declaraci\u00f3 d&#8217;accessibilitat Aquest portal est\u00e0 dissenyat per poder canviar la mida del text i el color, aix\u00ed com el fons de la p\u00e0gina mitjan\u00e7ant les opcions de configuraci\u00f3 est\u00e0ndard dels navegadors. Si voleu canviar la mida de la lletra del text als principals navegadors gr\u00e0fics, utilitzeu els men\u00fas seg\u00fcents: Internet Explorer, Mozilla i Firefox: Visualitza &gt; Mida del text Opera: Visualitza &gt; Zoom Safari: Visualitza &gt; Fes el text m\u00e9s gran Chrome: Controla la p\u00e0gina actual &gt; Mida del text Per modificar la mida de tot a la p\u00e0gina: Ctrl + + per augmentar-ho Ctrl + \u2013 per disminuir-ho Ctrl + 0 restaura la mida original del text Si el que voleu \u00e9s anul\u00b7lar el full d&#8217;estils o modificar el color del text, podeu consultar la p\u00e0gina How to Change Text Size or Colors de la WAI, que es pot llegir tradu\u00efda a l&#8217;espanyol a Com canviar la mida del text o els colors?<\/p>\n","protected":false},"author":1,"featured_media":0,"parent":0,"menu_order":0,"comment_status":"closed","ping_status":"closed","template":"","meta":{"footnotes":""},"class_list":["post-11649","page","type-page","status-publish","hentry"],"yoast_head":"<!-- This site is optimized with the Yoast SEO plugin v27.5 - https:\/\/yoast.com\/product\/yoast-seo-wordpress\/ -->\n<title>- Accesiblitat - Avannubo<\/title>\n<meta name=\"robots\" content=\"index, follow, max-snippet:-1, max-image-preview:large, max-video-preview:-1\" \/>\n<link rel=\"canonical\" href=\"https:\/\/avannubo.com\/ca\/accesiblitat\/\" \/>\n<meta property=\"og:locale\" content=\"ca_ES\" \/>\n<meta property=\"og:type\" content=\"article\" \/>\n<meta property=\"og:title\" content=\"- Accesiblitat - Avannubo\" \/>\n<meta property=\"og:description\" content=\"Accesiblitat AVANCEM AMB VOSTE, S.L s&#8217;ha comprom\u00e8s a fer accessible el seu lloc web, de conformitat amb el Reial decret 1112\/2018, de 7 de setembre, sobre accessibilitat dels llocs web i aplicacions per a dispositius m\u00f2bils del sector p\u00fablic. Aquesta declaraci\u00f3 d&#8217;accessibilitat s&#8217;aplica al lloc web avannubo.com Situaci\u00f3 de compliment Aquest lloc web \u00e9s parcialment conforme amb el RD 1112\/2018 a causa de les excepcions i a la manca de conformitat dels aspectes que s&#8217;indiquen en el punt seg\u00fcent. Contingut no accessible El contingut que es recull a continuaci\u00f3 no \u00e9s accessible pel seg\u00fcent: Manca de conformitat amb el RD 1112\/2018 Podrien existir documents d&#8217;ofim\u00e0tica en PDF i altres formats publicats posteriorment al 20 de setembre de 2018 que no compleixin totalment els requisits d&#8217;accessibilitat. Es poden sol\u00b7licitar els documents completament accessibles des del formulari de contacte per formalitzar queixes i consultes. Podrien existir errors de codi puntuals d&#8217;edici\u00f3 en alguna p\u00e0gina web. [4.1.1 Processament] C\u00e0rrega desproporcionada No aplica. El contingut no entra dins de l&#8217;\u00e0mbit de la legislaci\u00f3 aplicable Podrien existir fitxers d&#8217;ofim\u00e0tica en PDF o altres formats publicats abans del 20 de setembre de 2018 que no compleixin totalment tots els requisits d&#8217;accessibilitat. Tot i que s&#8217;ha procurat que la majoria s\u00ed que els compleixin. Preparaci\u00f3 per a la seg\u00fcent declaraci\u00f3 d&#8217;accessibilitat Aquesta declaraci\u00f3 va ser preparada el 28 de juny de 2021. El m\u00e8tode emprat per preparar la declaraci\u00f3 ha estat una autoavaluaci\u00f3 duta a terme pel mateix organisme. Observacions i dades de contacte Podeu fer comunicacions sobre requisits d&#8217;accessibilitat (article 10.2.a del RD 1112\/2018) com, per exemple: Informar sobre qualsevol possible incompliment per part d&#8217;aquest lloc web Transmetre altres dificultats d&#8217;acc\u00e9s al contingut Formular qualsevol altra consulta o suggeriment de millora relativa a l&#8217;accessibilitat del lloc web a trav\u00e9s de la nostra p\u00e0gina de contacte. Podeu presentar: Queixa relativa al compliment dels requisits del RD 1112\/2018 o Sol\u00b7licitud d&#8217;informaci\u00f3 accessible relativa a: Continguts que estan exclosos de l&#8217;\u00e0mbit d&#8217;aplicaci\u00f3 del RD 1112\/2018 segons el que estableix l&#8217;article 3, apartat 4 Continguts que estan exempts del compliment dels requisits d&#8217;accessibilitat per imposar una c\u00e0rrega desproporcionada A la sol\u00b7licitud d&#8217;informaci\u00f3 accessible, s&#8217;ha de concretar, amb tota claredat, els fets, raons i petici\u00f3 que permetin constatar que es tracta d&#8217;una sol\u00b7licitud raonable i leg\u00edtima. Les queixes i reclamacions sobre informaci\u00f3 accessible es faran a trav\u00e9s de la seu electr\u00f2nica (https:\/\/sede.red.gob.es\/procedimientos\/quejas-y-sugerencias), i seran rebudes i tractades per l&#8217;\u00e0rea de Sistemes de la Informaci\u00f3 de Red.es. Preparaci\u00f3 per a la seg\u00fcent declaraci\u00f3 d&#8217;accessibilitat Aquest portal est\u00e0 dissenyat per poder canviar la mida del text i el color, aix\u00ed com el fons de la p\u00e0gina mitjan\u00e7ant les opcions de configuraci\u00f3 est\u00e0ndard dels navegadors. Si voleu canviar la mida de la lletra del text als principals navegadors gr\u00e0fics, utilitzeu els men\u00fas seg\u00fcents: Internet Explorer, Mozilla i Firefox: Visualitza &gt; Mida del text Opera: Visualitza &gt; Zoom Safari: Visualitza &gt; Fes el text m\u00e9s gran Chrome: Controla la p\u00e0gina actual &gt; Mida del text Per modificar la mida de tot a la p\u00e0gina: Ctrl + + per augmentar-ho Ctrl + \u2013 per disminuir-ho Ctrl + 0 restaura la mida original del text Si el que voleu \u00e9s anul\u00b7lar el full d&#8217;estils o modificar el color del text, podeu consultar la p\u00e0gina How to Change Text Size or Colors de la WAI, que es pot llegir tradu\u00efda a l&#8217;espanyol a Com canviar la mida del text o els colors?\" \/>\n<meta property=\"og:url\" content=\"https:\/\/avannubo.com\/ca\/accesiblitat\/\" \/>\n<meta property=\"og:site_name\" content=\"Avannubo\" \/>\n<meta property=\"article:modified_time\" content=\"2026-02-03T16:24:51+00:00\" \/>\n<meta name=\"twitter:card\" content=\"summary_large_image\" \/>\n<meta name=\"twitter:site\" content=\"@avannubo\" \/>\n<meta name=\"twitter:label1\" content=\"Temps estimat de lectura\" \/>\n\t<meta name=\"twitter:data1\" content=\"3 minuts\" \/>\n<script type=\"application\/ld+json\" class=\"yoast-schema-graph\">{\"@context\":\"https:\\\/\\\/schema.org\",\"@graph\":[{\"@type\":\"WebPage\",\"@id\":\"https:\\\/\\\/avannubo.com\\\/ca\\\/accesiblitat\\\/\",\"url\":\"https:\\\/\\\/avannubo.com\\\/ca\\\/accesiblitat\\\/\",\"name\":\"- Accesiblitat - Avannubo\",\"isPartOf\":{\"@id\":\"https:\\\/\\\/avannubo.com\\\/ca\\\/#website\"},\"datePublished\":\"2025-08-07T10:38:37+00:00\",\"dateModified\":\"2026-02-03T16:24:51+00:00\",\"breadcrumb\":{\"@id\":\"https:\\\/\\\/avannubo.com\\\/ca\\\/accesiblitat\\\/#breadcrumb\"},\"inLanguage\":\"ca\",\"potentialAction\":[{\"@type\":\"ReadAction\",\"target\":[\"https:\\\/\\\/avannubo.com\\\/ca\\\/accesiblitat\\\/\"]}]},{\"@type\":\"BreadcrumbList\",\"@id\":\"https:\\\/\\\/avannubo.com\\\/ca\\\/accesiblitat\\\/#breadcrumb\",\"itemListElement\":[{\"@type\":\"ListItem\",\"position\":1,\"name\":\"Portada\",\"item\":\"https:\\\/\\\/avannubo.com\\\/ca\\\/\"},{\"@type\":\"ListItem\",\"position\":2,\"name\":\"&#8211; Accesiblitat\"}]},{\"@type\":\"WebSite\",\"@id\":\"https:\\\/\\\/avannubo.com\\\/ca\\\/#website\",\"url\":\"https:\\\/\\\/avannubo.com\\\/ca\\\/\",\"name\":\"Avannubo\",\"description\":\"Your technology partner\",\"publisher\":{\"@id\":\"https:\\\/\\\/avannubo.com\\\/ca\\\/#organization\"},\"potentialAction\":[{\"@type\":\"SearchAction\",\"target\":{\"@type\":\"EntryPoint\",\"urlTemplate\":\"https:\\\/\\\/avannubo.com\\\/ca\\\/?s={search_term_string}\"},\"query-input\":{\"@type\":\"PropertyValueSpecification\",\"valueRequired\":true,\"valueName\":\"search_term_string\"}}],\"inLanguage\":\"ca\"},{\"@type\":\"Organization\",\"@id\":\"https:\\\/\\\/avannubo.com\\\/ca\\\/#organization\",\"name\":\"Avannubo\",\"url\":\"https:\\\/\\\/avannubo.com\\\/ca\\\/\",\"logo\":{\"@type\":\"ImageObject\",\"inLanguage\":\"ca\",\"@id\":\"https:\\\/\\\/avannubo.com\\\/ca\\\/#\\\/schema\\\/logo\\\/image\\\/\",\"url\":\"https:\\\/\\\/avannubo.com\\\/wp-content\\\/uploads\\\/2025\\\/04\\\/Logo-Avannubo-Grueso-e1753438679843.png\",\"contentUrl\":\"https:\\\/\\\/avannubo.com\\\/wp-content\\\/uploads\\\/2025\\\/04\\\/Logo-Avannubo-Grueso-e1753438679843.png\",\"width\":1510,\"height\":214,\"caption\":\"Avannubo\"},\"image\":{\"@id\":\"https:\\\/\\\/avannubo.com\\\/ca\\\/#\\\/schema\\\/logo\\\/image\\\/\"},\"sameAs\":[\"https:\\\/\\\/x.com\\\/avannubo\",\"https:\\\/\\\/www.instagram.com\\\/avannubo\\\/\",\"https:\\\/\\\/www.youtube.com\\\/@avannubo4525\",\"https:\\\/\\\/es.linkedin.com\\\/company\\\/avancem-grup\"]}]}<\/script>\n<!-- \/ Yoast SEO plugin. -->","yoast_head_json":{"title":"- Accesiblitat - Avannubo","robots":{"index":"index","follow":"follow","max-snippet":"max-snippet:-1","max-image-preview":"max-image-preview:large","max-video-preview":"max-video-preview:-1"},"canonical":"https:\/\/avannubo.com\/ca\/accesiblitat\/","og_locale":"ca_ES","og_type":"article","og_title":"- Accesiblitat - Avannubo","og_description":"Accesiblitat AVANCEM AMB VOSTE, S.L s&#8217;ha comprom\u00e8s a fer accessible el seu lloc web, de conformitat amb el Reial decret 1112\/2018, de 7 de setembre, sobre accessibilitat dels llocs web i aplicacions per a dispositius m\u00f2bils del sector p\u00fablic. Aquesta declaraci\u00f3 d&#8217;accessibilitat s&#8217;aplica al lloc web avannubo.com Situaci\u00f3 de compliment Aquest lloc web \u00e9s parcialment conforme amb el RD 1112\/2018 a causa de les excepcions i a la manca de conformitat dels aspectes que s&#8217;indiquen en el punt seg\u00fcent. Contingut no accessible El contingut que es recull a continuaci\u00f3 no \u00e9s accessible pel seg\u00fcent: Manca de conformitat amb el RD 1112\/2018 Podrien existir documents d&#8217;ofim\u00e0tica en PDF i altres formats publicats posteriorment al 20 de setembre de 2018 que no compleixin totalment els requisits d&#8217;accessibilitat. Es poden sol\u00b7licitar els documents completament accessibles des del formulari de contacte per formalitzar queixes i consultes. Podrien existir errors de codi puntuals d&#8217;edici\u00f3 en alguna p\u00e0gina web. [4.1.1 Processament] C\u00e0rrega desproporcionada No aplica. El contingut no entra dins de l&#8217;\u00e0mbit de la legislaci\u00f3 aplicable Podrien existir fitxers d&#8217;ofim\u00e0tica en PDF o altres formats publicats abans del 20 de setembre de 2018 que no compleixin totalment tots els requisits d&#8217;accessibilitat. Tot i que s&#8217;ha procurat que la majoria s\u00ed que els compleixin. Preparaci\u00f3 per a la seg\u00fcent declaraci\u00f3 d&#8217;accessibilitat Aquesta declaraci\u00f3 va ser preparada el 28 de juny de 2021. El m\u00e8tode emprat per preparar la declaraci\u00f3 ha estat una autoavaluaci\u00f3 duta a terme pel mateix organisme. Observacions i dades de contacte Podeu fer comunicacions sobre requisits d&#8217;accessibilitat (article 10.2.a del RD 1112\/2018) com, per exemple: Informar sobre qualsevol possible incompliment per part d&#8217;aquest lloc web Transmetre altres dificultats d&#8217;acc\u00e9s al contingut Formular qualsevol altra consulta o suggeriment de millora relativa a l&#8217;accessibilitat del lloc web a trav\u00e9s de la nostra p\u00e0gina de contacte. Podeu presentar: Queixa relativa al compliment dels requisits del RD 1112\/2018 o Sol\u00b7licitud d&#8217;informaci\u00f3 accessible relativa a: Continguts que estan exclosos de l&#8217;\u00e0mbit d&#8217;aplicaci\u00f3 del RD 1112\/2018 segons el que estableix l&#8217;article 3, apartat 4 Continguts que estan exempts del compliment dels requisits d&#8217;accessibilitat per imposar una c\u00e0rrega desproporcionada A la sol\u00b7licitud d&#8217;informaci\u00f3 accessible, s&#8217;ha de concretar, amb tota claredat, els fets, raons i petici\u00f3 que permetin constatar que es tracta d&#8217;una sol\u00b7licitud raonable i leg\u00edtima. Les queixes i reclamacions sobre informaci\u00f3 accessible es faran a trav\u00e9s de la seu electr\u00f2nica (https:\/\/sede.red.gob.es\/procedimientos\/quejas-y-sugerencias), i seran rebudes i tractades per l&#8217;\u00e0rea de Sistemes de la Informaci\u00f3 de Red.es. Preparaci\u00f3 per a la seg\u00fcent declaraci\u00f3 d&#8217;accessibilitat Aquest portal est\u00e0 dissenyat per poder canviar la mida del text i el color, aix\u00ed com el fons de la p\u00e0gina mitjan\u00e7ant les opcions de configuraci\u00f3 est\u00e0ndard dels navegadors. Si voleu canviar la mida de la lletra del text als principals navegadors gr\u00e0fics, utilitzeu els men\u00fas seg\u00fcents: Internet Explorer, Mozilla i Firefox: Visualitza &gt; Mida del text Opera: Visualitza &gt; Zoom Safari: Visualitza &gt; Fes el text m\u00e9s gran Chrome: Controla la p\u00e0gina actual &gt; Mida del text Per modificar la mida de tot a la p\u00e0gina: Ctrl + + per augmentar-ho Ctrl + \u2013 per disminuir-ho Ctrl + 0 restaura la mida original del text Si el que voleu \u00e9s anul\u00b7lar el full d&#8217;estils o modificar el color del text, podeu consultar la p\u00e0gina How to Change Text Size or Colors de la WAI, que es pot llegir tradu\u00efda a l&#8217;espanyol a Com canviar la mida del text o els colors?","og_url":"https:\/\/avannubo.com\/ca\/accesiblitat\/","og_site_name":"Avannubo","article_modified_time":"2026-02-03T16:24:51+00:00","twitter_card":"summary_large_image","twitter_site":"@avannubo","twitter_misc":{"Temps estimat de lectura":"3 minuts"},"schema":{"@context":"https:\/\/schema.org","@graph":[{"@type":"WebPage","@id":"https:\/\/avannubo.com\/ca\/accesiblitat\/","url":"https:\/\/avannubo.com\/ca\/accesiblitat\/","name":"- Accesiblitat - Avannubo","isPartOf":{"@id":"https:\/\/avannubo.com\/ca\/#website"},"datePublished":"2025-08-07T10:38:37+00:00","dateModified":"2026-02-03T16:24:51+00:00","breadcrumb":{"@id":"https:\/\/avannubo.com\/ca\/accesiblitat\/#breadcrumb"},"inLanguage":"ca","potentialAction":[{"@type":"ReadAction","target":["https:\/\/avannubo.com\/ca\/accesiblitat\/"]}]},{"@type":"BreadcrumbList","@id":"https:\/\/avannubo.com\/ca\/accesiblitat\/#breadcrumb","itemListElement":[{"@type":"ListItem","position":1,"name":"Portada","item":"https:\/\/avannubo.com\/ca\/"},{"@type":"ListItem","position":2,"name":"&#8211; Accesiblitat"}]},{"@type":"WebSite","@id":"https:\/\/avannubo.com\/ca\/#website","url":"https:\/\/avannubo.com\/ca\/","name":"Avannubo","description":"Your technology partner","publisher":{"@id":"https:\/\/avannubo.com\/ca\/#organization"},"potentialAction":[{"@type":"SearchAction","target":{"@type":"EntryPoint","urlTemplate":"https:\/\/avannubo.com\/ca\/?s={search_term_string}"},"query-input":{"@type":"PropertyValueSpecification","valueRequired":true,"valueName":"search_term_string"}}],"inLanguage":"ca"},{"@type":"Organization","@id":"https:\/\/avannubo.com\/ca\/#organization","name":"Avannubo","url":"https:\/\/avannubo.com\/ca\/","logo":{"@type":"ImageObject","inLanguage":"ca","@id":"https:\/\/avannubo.com\/ca\/#\/schema\/logo\/image\/","url":"https:\/\/avannubo.com\/wp-content\/uploads\/2025\/04\/Logo-Avannubo-Grueso-e1753438679843.png","contentUrl":"https:\/\/avannubo.com\/wp-content\/uploads\/2025\/04\/Logo-Avannubo-Grueso-e1753438679843.png","width":1510,"height":214,"caption":"Avannubo"},"image":{"@id":"https:\/\/avannubo.com\/ca\/#\/schema\/logo\/image\/"},"sameAs":["https:\/\/x.com\/avannubo","https:\/\/www.instagram.com\/avannubo\/","https:\/\/www.youtube.com\/@avannubo4525","https:\/\/es.linkedin.com\/company\/avancem-grup"]}]}},"_links":{"self":[{"href":"https:\/\/avannubo.com\/ca\/wp-json\/wp\/v2\/pages\/11649","targetHints":{"allow":["GET"]}}],"collection":[{"href":"https:\/\/avannubo.com\/ca\/wp-json\/wp\/v2\/pages"}],"about":[{"href":"https:\/\/avannubo.com\/ca\/wp-json\/wp\/v2\/types\/page"}],"author":[{"embeddable":true,"href":"https:\/\/avannubo.com\/ca\/wp-json\/wp\/v2\/users\/1"}],"replies":[{"embeddable":true,"href":"https:\/\/avannubo.com\/ca\/wp-json\/wp\/v2\/comments?post=11649"}],"version-history":[{"count":1,"href":"https:\/\/avannubo.com\/ca\/wp-json\/wp\/v2\/pages\/11649\/revisions"}],"predecessor-version":[{"id":11650,"href":"https:\/\/avannubo.com\/ca\/wp-json\/wp\/v2\/pages\/11649\/revisions\/11650"}],"wp:attachment":[{"href":"https:\/\/avannubo.com\/ca\/wp-json\/wp\/v2\/media?parent=11649"}],"curies":[{"name":"wp","href":"https:\/\/api.w.org\/{rel}","templated":true}]}}